{"id":8624,"date":"2021-07-28T09:57:18","date_gmt":"2021-07-28T07:57:18","guid":{"rendered":"http:\/\/www.paej-lepassage.fr\/?page_id=8624"},"modified":"2021-11-22T15:37:31","modified_gmt":"2021-11-22T14:37:31","slug":"vous-ete-un-e-professionnel-le","status":"publish","type":"page","link":"https:\/\/www.paej-lepassage.fr\/?page_id=8624","title":{"rendered":"Vous \u00eates un.e professionnel.le"},"content":{"rendered":"[vc_row][vc_column][mk_fancy_title color_style=\u00a0\u00bbgradient_color\u00a0\u00bb grandient_color_from=\u00a0\u00bb#de0822&Prime; grandient_color_to=\u00a0\u00bb#de0822&Prime; size=\u00a0\u00bb31&Prime; font_family=\u00a0\u00bbnone\u00a0\u00bb align=\u00a0\u00bbcenter\u00a0\u00bb]\n<h1 style=\"text-align: center;\">Vous \u00eates un\u00b7e professionnel\u00b7le<\/h1>\n[\/mk_fancy_title][mk_custom_list icon_color=\u00a0\u00bb#56a332&Prime;]\n<div class=\"field-item odd\"><\/div>\n<div class=\"field-item odd\">\n<div class=\"entity entity-paragraphs-item paragraphs-item-field-ameli-paragraph-simple\">\n<div class=\"content\">\n<div class=\"field field-name-field-ameli-paragraph-body field-type-text-with-summary field-label-hidden\">\n<div class=\"field-items\">\n<h3 class=\"field-item even\" style=\"text-align: justify;\"><em>Parler du suicide n\u2019est facile pour personne, y compris pour les professionnel\u00b7le\u00b7s.<\/em><\/h3>\n<p>&nbsp;<\/p>\n<p style=\"text-align: justify;\"><em>Aborder les pens\u00e9es suicidaires, parmi les plus intimes qui soit, peut g\u00e9n\u00e9rer des craintes, m\u00eame chez les professionnels.<\/em><\/p>\n<p style=\"text-align: justify;\"><em>Lorsque l\u2019on est face \u00e0 une personne en souffrance psychique, il est parfois difficile d&rsquo;en \u00e9valuer l&rsquo;intensit\u00e9 et de d\u00e9terminer le risque de passage \u00e0 l&rsquo;acte.<\/em><\/p>\n<p style=\"text-align: justify;\"><em>Cependant, les personnes qui pensent au\u00a0suicide\u00a0donnent g\u00e9n\u00e9ralement plusieurs indices de leurs intentions (mots, comportements, \u00e9motions, etc.).<\/em><\/p>\n<p style=\"text-align: justify;\"><em>En pr\u00e9vention du suicide, une des meilleures fa\u00e7ons d\u2019aider une personne \u00e0 risque est d\u2019entamer une conversation sur le suicide, de l\u2019\u00e9couter et d\u2019\u00eatre pr\u00e9sent\u00b7e afin de la soutenir. (Rendez-vous sur la page :\u00a0<span style=\"color: #3366ff;\"><span style=\"text-decoration: underline;\"><strong> <a style=\"color: #3366ff; text-decoration: underline;\" href=\"http:\/\/www.paej-lepassage.fr\/?page_id=8690\">Vous \u00eates inquiet\u00b7\u00e8te pour un proche<\/a><\/strong><\/span>).<\/span><\/em><\/p>\n<\/div>\n<\/div>\n<\/div>\n<\/div>\n<\/div>\n[\/mk_custom_list][vc_empty_space][vc_column_text]\n<p style=\"text-align: justify;\"><span style=\"text-decoration: underline;\"><strong>Expression et intentions de suicide*<\/strong><\/span><\/p>\n<p style=\"text-align: justify;\">Les messages verbalis\u00e9s exprimant des id\u00e9es suicidaires<strong>\u00a0<\/strong>peuvent \u00eatre\u00a0:<\/p>\n<ul>\n<li style=\"text-align: justify;\"><strong>Directs<em> :<\/em><\/strong>\u00a0\u00ab\u00a0Je vais en finir\u00a0\u00bb, \u00ab\u00a0Je vais me tuer\u00a0\u00bb, \u00ab\u00a0Ce serait mieux si j\u2019\u00e9tais mort\u00a0\u00bb, \u00ab\u00a0Je veux juste mourir\u00a0\u00bb ;<\/li>\n<li style=\"text-align: justify;\"><strong>Indirects\u00a0<\/strong>\u00a0: \u00ab\u00a0Je voudrais partir\u00a0\u00bb, \u00ab\u00a0Je veux m\u2019en aller\u00a0\u00bb, \u00ab\u00a0Je n\u2019en peux plus\u00a0\u00bb, \u00ab\u00a0Bient\u00f4t, je ne serai plus l\u00e0\u00a0\u00bb, \u00ab\u00a0Je vais tout laisser tomber\u00a0\u00bb, \u00ab\u00a0Je ne vous emb\u00eaterai plus longtemps\u00a0\u00bb, \u00ab\u00a0J\u2019ai tout rat\u00e9 dans la vie\u00a0\u00bb, \u00ab\u00a0Je ne suis plus capable\u00a0\u00bb, \u00ab\u00a0je voudrais m&rsquo;endormir et ne plus me r\u00e9veiller\u00a0\u00bb<\/li>\n<\/ul>\n[\/vc_column_text][vc_empty_space][vc_column_text]\n<p style=\"text-align: justify;\"><span style=\"text-decoration: underline;\"><strong>Indices r\u00e9p\u00e9t\u00e9s de souffrance et de d\u00e9tresse psychologique* :<\/strong><\/span><\/p>\n<p style=\"text-align: justify;\">La personne en \u00e9tat de<strong>\u00a0crise suicidaire<\/strong>\u00a0peut \u00eatre sujette \u00e0\u00a0:<\/p>\n<ul>\n<li style=\"text-align: justify;\"><strong>Des sympt\u00f4mes physiques<\/strong> :\u00a0<a href=\"https:\/\/www.ameli.fr\/assure\/sante\/themes\/asthenie-fatigue\/definition-symptomes-causes\">fatigue<\/a>, perte d\u2019app\u00e9tit ou\u00a0<a href=\"https:\/\/www.ameli.fr\/assure\/sante\/themes\/boulimie-et-hyperphagie-boulimique\/boulimie-hyperphagie-boulimique-definition-causes\">boulimie<\/a>,\u00a0<a href=\"https:\/\/www.ameli.fr\/assure\/sante\/themes\/insomnie-adulte\/definition-facteurs-favorisants\">troubles du sommeil<\/a>, douleurs multiples avec parfois des consultations r\u00e9p\u00e9t\u00e9es chez le m\u00e9decin, n\u00e9gligence de son apparence physique, etc. ;<\/li>\n<li style=\"text-align: justify;\"><strong>Des signes psychiques<\/strong> :\u00a0<a href=\"https:\/\/www.ameli.fr\/assure\/sante\/themes\/troubles-anxieux-anxiete\/comprendre-troubles-anxieux-anxiete\">anxi\u00e9t\u00e9<\/a>, tristesse, d\u00e9couragement, irritabilit\u00e9 et agressivit\u00e9, ennui, perte du go\u00fbt pour les activit\u00e9s habituelles, sentiment d\u2019\u00e9chec et d\u2019inutilit\u00e9, sentiment d\u2019injustice, mauvaise image de soi et tendance \u00e0 se d\u00e9valoriser, impuissance \u00e0 trouver par soi-m\u00eame des solutions \u00e0 ses probl\u00e8mes,\u00a0<a href=\"https:\/\/www.ameli.fr\/assure\/sante\/themes\/troubles-memoire\/troubles-memoire-causes\">troubles de la m\u00e9moire<\/a>, rumination mentale, etc. ;<\/li>\n<li style=\"text-align: justify;\"><strong>Des difficult\u00e9s professionnelles<\/strong> : perte d\u2019investissement ou surinvestissement dans le travail, \u00e9puisement ou burn-out, incapacit\u00e9 \u00e0 supporter sa hi\u00e9rarchie, arr\u00eats de travail \u00e0 r\u00e9p\u00e9tition, etc.\u00a0;<\/li>\n<li style=\"text-align: justify;\"><strong>Des probl\u00e8mes relationnels<\/strong> : retrait par rapport aux marques d\u2019affection, refus du contact physique, conduites d\u2019isolement social et familial.<\/li>\n<\/ul>\n[\/vc_column_text][vc_empty_space][vc_column_text]\n<p style=\"text-align: justify;\"><strong>Si vous le souhaitez, vous pouvez vous former sur la question du rep\u00e9rage et\/ou \u00e0 l\u2019intervention en situation de crise suicidaire. En effet, en 2020, le Minist\u00e8re des solidarit\u00e9s et de la sant\u00e9 a d\u00e9fini une nouvelle strat\u00e9gie multimodale de pr\u00e9vention du suicide qui comprend notamment un dispositif de formation des professionnels. L\u2019objectif de ces formations est l\u2019am\u00e9lioration du rep\u00e9rage et de la prise en charge des personnes en crise suicidaire. Ces formations sont organis\u00e9es par le r\u00e9seau CRES-<span style=\"color: #3366ff;\"><a style=\"color: #3366ff;\" href=\"http:\/\/www.codes84.fr\/r\/26\/les-formations-du-codes-84\/\"><span style=\"text-decoration: underline;\">CODES<\/span><\/a><\/span>-CoDEPS en r\u00e9gion Provence-Alpes-C\u00f4te d\u2019Azur. Elles sont financ\u00e9es par l\u2019Agence r\u00e9gionale de sant\u00e9 (ARS) Provence-Alpes-C\u00f4te d\u2019Azur et anim\u00e9es par le r\u00e9seau des formateurs r\u00e9gionaux valid\u00e9s par l\u2019ARS.<\/strong><\/p>\n[\/vc_column_text][vc_empty_space][vc_column_text]*Source <span style=\"color: #3366ff;\"><a style=\"color: #3366ff;\" href=\"https:\/\/www.ameli.fr\/assure\/sante\/urgence\/pathologies\/crise-suicidaire-tentative-suicide\">ameli.fr<\/a><\/span>[\/vc_column_text][\/vc_column][\/vc_row]\n","protected":false},"excerpt":{"rendered":"<p>[vc_row][vc_column][mk_fancy_title color_style=\u00a0\u00bbgradient_color\u00a0\u00bb grandient_color_from=\u00a0\u00bb#de0822&Prime; grandient_color_to=\u00a0\u00bb#de0822&Prime; size=\u00a0\u00bb31&Prime; font_family=\u00a0\u00bbnone\u00a0\u00bb align=\u00a0\u00bbcenter\u00a0\u00bb] Vous \u00eates un\u00b7e professionnel\u00b7le [\/mk_fancy_title][mk_custom_list icon_color=\u00a0\u00bb#56a332&Prime;] Parler du suicide n\u2019est facile pour personne, y compris pour les professionnel\u00b7le\u00b7s. &nbsp; Aborder les pens\u00e9es suicidaires, parmi les plus intimes qui soit, peut g\u00e9n\u00e9rer des craintes, m\u00eame chez les professionnels. Lorsque l\u2019on est face \u00e0 une personne en souffrance psychique, il [&hellip;]<\/p>\n","protected":false},"author":2,"featured_media":0,"parent":0,"menu_order":0,"comment_status":"closed","ping_status":"closed","template":"","meta":{"_monsterinsights_skip_tracking":false,"_monsterinsights_sitenote_active":false,"_monsterinsights_sitenote_note":"","_monsterinsights_sitenote_category":0,"footnotes":""},"class_list":["post-8624","page","type-page","status-publish","hentry"],"_links":{"self":[{"href":"https:\/\/www.paej-lepassage.fr\/index.php?rest_route=\/wp\/v2\/pages\/8624","targetHints":{"allow":["GET"]}}],"collection":[{"href":"https:\/\/www.paej-lepassage.fr\/index.php?rest_route=\/wp\/v2\/pages"}],"about":[{"href":"https:\/\/www.paej-lepassage.fr\/index.php?rest_route=\/wp\/v2\/types\/page"}],"author":[{"embeddable":true,"href":"https:\/\/www.paej-lepassage.fr\/index.php?rest_route=\/wp\/v2\/users\/2"}],"replies":[{"embeddable":true,"href":"https:\/\/www.paej-lepassage.fr\/index.php?rest_route=%2Fwp%2Fv2%2Fcomments&post=8624"}],"version-history":[{"count":32,"href":"https:\/\/www.paej-lepassage.fr\/index.php?rest_route=\/wp\/v2\/pages\/8624\/revisions"}],"predecessor-version":[{"id":8991,"href":"https:\/\/www.paej-lepassage.fr\/index.php?rest_route=\/wp\/v2\/pages\/8624\/revisions\/8991"}],"wp:attachment":[{"href":"https:\/\/www.paej-lepassage.fr\/index.php?rest_route=%2Fwp%2Fv2%2Fmedia&parent=8624"}],"curies":[{"name":"wp","href":"https:\/\/api.w.org\/{rel}","templated":true}]}}