{"id":8580,"date":"2021-06-24T15:37:04","date_gmt":"2021-06-24T13:37:04","guid":{"rendered":"http:\/\/www.paej-lepassage.fr\/?page_id=8580"},"modified":"2025-02-10T12:21:47","modified_gmt":"2025-02-10T11:21:47","slug":"la-prevention-du-suicide","status":"publish","type":"page","link":"https:\/\/www.paej-lepassage.fr\/?page_id=8580","title":{"rendered":"La pr\u00e9vention du suicide"},"content":{"rendered":"[vc_row][vc_column][mk_fancy_title tag_name=\u00a0\u00bbh5&Prime; color=\u00a0\u00bb#dd9933&Prime; size=\u00a0\u00bb35&Prime; line_height=\u00a0\u00bb65&Prime; font_weight=\u00a0\u00bb900&Prime; font_style=\u00a0\u00bbnormal\u00a0\u00bb txt_transform=\u00a0\u00bbnone\u00a0\u00bb font_family=\u00a0\u00bbnone\u00a0\u00bb align=\u00a0\u00bbcenter\u00a0\u00bb]Qu&rsquo;est ce qu&rsquo;une crise suicidaire ?[\/mk_fancy_title][\/vc_column][\/vc_row][vc_row][vc_column][mk_custom_list]La <strong>crise suicidaire<\/strong> est un \u00e9tat de trouble psychique aigu, caract\u00e9ris\u00e9 par la pr\u00e9sence d\u2019id\u00e9es suicidaires\u00a0de plus en plus marqu\u00e9es et envahissantes. La personne confront\u00e9e \u00e0 ce moment de grande souffrance ne trouve pas les ressources suffisantes pour le surmonter. Elle se sent dans une impasse et confront\u00e9e \u00e0 une telle souffrance que la mort appara\u00eet progressivement comme le seul moyen de trouver une issue \u00e0 cet \u00e9tat de crise.[\/mk_custom_list][mk_fancy_title tag_name=\u00a0\u00bbh5&Prime; color=\u00a0\u00bb#dd9933&Prime; size=\u00a0\u00bb35&Prime; line_height=\u00a0\u00bb65&Prime; font_weight=\u00a0\u00bb900&Prime; font_style=\u00a0\u00bbnormal\u00a0\u00bb txt_transform=\u00a0\u00bbnone\u00a0\u00bb font_family=\u00a0\u00bbnone\u00a0\u00bb align=\u00a0\u00bbcenter\u00a0\u00bb]Le suicide en chiffres[\/mk_fancy_title][mk_custom_list]\n<p style=\"text-align: center;\">En 2016, en France m\u00e9tropolitaine, 8\u00a0435 d\u00e9c\u00e8s par suicide ont \u00e9t\u00e9 enregistr\u00e9s.<\/p>\n<p style=\"text-align: center;\">En Europe, la France se situe parmi les pays connaissant un taux \u00e9lev\u00e9 de suicide (10e rang sur 32).<br \/>\nLes <strong>d\u00e9c\u00e8s par suicide<\/strong> concernent les hommes 3 fois sur 4.<br \/>\nLe nombre de suicides augmente avec l&rsquo;\u00e2ge, surtout chez les hommes.<br \/>\nLe\u00a0suicide est la\u00a0premi\u00e8re cause de mortalit\u00e9 chez les 25-34 ans et la deuxi\u00e8me chez les 15-24 ans, apr\u00e8s les accidents de la voie publique.<\/p>\n<p style=\"text-align: center;\">En\u00a02017, le nombre global de s\u00e9jours hospitaliers pour <strong>tentative de suicide<\/strong> \u00e9tait d\u2019un peu moins de 89 000 et a concern\u00e9 plus de femmes que d&rsquo;hommes.<\/p>\n[\/mk_custom_list][mk_fancy_title tag_name=\u00a0\u00bbh5&Prime; color=\u00a0\u00bb#dd9933&Prime; size=\u00a0\u00bb35&Prime; line_height=\u00a0\u00bb65&Prime; font_weight=\u00a0\u00bb900&Prime; font_style=\u00a0\u00bbnormal\u00a0\u00bb txt_transform=\u00a0\u00bbnone\u00a0\u00bb font_family=\u00a0\u00bbnone\u00a0\u00bb align=\u00a0\u00bbcenter\u00a0\u00bb]Les enjeux de la pr\u00e9vention du suicide[\/mk_fancy_title][\/vc_column][\/vc_row][vc_row][vc_column][mk_custom_list]\n<p style=\"text-align: justify;\">L\u2019Organisation Mondiale de la Sant\u00e9 (OMS), dans son rapport sur la pr\u00e9vention du suicide de 2014, rappelle que \u00ab toutes les 40 secondes, une personne se suicide quelque part dans le monde et bien plus tentent de mettre fin \u00e0 leurs jours. Aucune r\u00e9gion ni aucune tranche d\u2019\u00e2ge ne sont \u00e9pargn\u00e9es \u00bb. Le suicide est un ph\u00e9nom\u00e8ne que l\u2019on retrouve dans toutes les soci\u00e9t\u00e9s, dans toutes les cat\u00e9gories de la population et \u00e0 toutes les \u00e9poques.<\/p>\n<p style=\"text-align: justify;\">Le suicide est, par ailleurs, un ph\u00e9nom\u00e8ne \u00e9vitable en partie par la pr\u00e9vention, comme le souligne l\u2019Organisation Mondiale de la Sant\u00e9 dans son rapport de 2014.<\/p>\n<p style=\"text-align: justify;\">C\u2019est pourquoi, depuis ses d\u00e9buts, l\u2019Observatoire National du Suicide articule ses r\u00e9flexions autour de la connaissance des actions de pr\u00e9vention efficaces.<\/p>\n<p style=\"text-align: justify;\">Au sein du Conseil national de la sant\u00e9 mentale, le groupe de travail relatif \u00e0 la pr\u00e9vention du suicide copilot\u00e9 par le professeur Pierre Thomas, psychiatre au centre hospitalier universitaire de Lille, et la Direction G\u00e9n\u00e9rale de la Sant\u00e9 (DGS) propose les cinq strat\u00e9gies d\u2019actions suivantes :<\/p>\n<ul style=\"text-align: justify;\">\n<li>organiser le suivi en sortie d\u2019hospitalisation \u00e0 la suite d\u2019une tentative de suicide en tenant compte des ressources mobilisables ;<\/li>\n<li>am\u00e9liorer les formations au rep\u00e9rage du risque suicidaire en les centrant sur l\u2019intervention de crise ;<\/li>\n<li>renforcer l\u2019information du public ;<\/li>\n<li>mettre en place un num\u00e9ro de pr\u00e9vention du suicide ;<\/li>\n<li>veiller au traitement m\u00e9diatique et \u00e0 la pr\u00e9vention de la contagion suicidaire.<\/li>\n<\/ul>\n<p style=\"text-align: justify;\"><strong>Malgr\u00e9 de nombreux pr\u00e9jug\u00e9s et la crainte que suscite le suicide, il appara\u00eet maintenant possible de le pr\u00e9venir. Identifier la crise suicidaire et en \u00e9valuer la dangerosit\u00e9 rendent possible l\u2019action th\u00e9rapeutique et permettent d\u2019\u00e9viter le passage \u00e0 l\u2019acte suicidaire. Cela n\u00e9cessite un r\u00e9examen des id\u00e9es re\u00e7ues, une information de tous et la formation des professionnels.<\/strong><\/p>\n[\/mk_custom_list][\/vc_column][\/vc_row]\n","protected":false},"excerpt":{"rendered":"<p>[vc_row][vc_column][mk_fancy_title tag_name=\u00a0\u00bbh5&Prime; color=\u00a0\u00bb#dd9933&Prime; size=\u00a0\u00bb35&Prime; line_height=\u00a0\u00bb65&Prime; font_weight=\u00a0\u00bb900&Prime; font_style=\u00a0\u00bbnormal\u00a0\u00bb txt_transform=\u00a0\u00bbnone\u00a0\u00bb font_family=\u00a0\u00bbnone\u00a0\u00bb align=\u00a0\u00bbcenter\u00a0\u00bb]Qu&rsquo;est ce qu&rsquo;une crise suicidaire ?[\/mk_fancy_title][\/vc_column][\/vc_row][vc_row][vc_column][mk_custom_list]La crise suicidaire est un \u00e9tat de trouble psychique aigu, caract\u00e9ris\u00e9 par la pr\u00e9sence d\u2019id\u00e9es suicidaires\u00a0de plus en plus marqu\u00e9es et envahissantes. La personne confront\u00e9e \u00e0 ce moment de grande souffrance ne trouve pas les ressources suffisantes pour le surmonter. Elle [&hellip;]<\/p>\n","protected":false},"author":2,"featured_media":0,"parent":0,"menu_order":0,"comment_status":"closed","ping_status":"closed","template":"","meta":{"_monsterinsights_skip_tracking":false,"_monsterinsights_sitenote_active":false,"_monsterinsights_sitenote_note":"","_monsterinsights_sitenote_category":0,"footnotes":""},"class_list":["post-8580","page","type-page","status-publish","hentry"],"_links":{"self":[{"href":"https:\/\/www.paej-lepassage.fr\/index.php?rest_route=\/wp\/v2\/pages\/8580","targetHints":{"allow":["GET"]}}],"collection":[{"href":"https:\/\/www.paej-lepassage.fr\/index.php?rest_route=\/wp\/v2\/pages"}],"about":[{"href":"https:\/\/www.paej-lepassage.fr\/index.php?rest_route=\/wp\/v2\/types\/page"}],"author":[{"embeddable":true,"href":"https:\/\/www.paej-lepassage.fr\/index.php?rest_route=\/wp\/v2\/users\/2"}],"replies":[{"embeddable":true,"href":"https:\/\/www.paej-lepassage.fr\/index.php?rest_route=%2Fwp%2Fv2%2Fcomments&post=8580"}],"version-history":[{"count":38,"href":"https:\/\/www.paej-lepassage.fr\/index.php?rest_route=\/wp\/v2\/pages\/8580\/revisions"}],"predecessor-version":[{"id":9104,"href":"https:\/\/www.paej-lepassage.fr\/index.php?rest_route=\/wp\/v2\/pages\/8580\/revisions\/9104"}],"wp:attachment":[{"href":"https:\/\/www.paej-lepassage.fr\/index.php?rest_route=%2Fwp%2Fv2%2Fmedia&parent=8580"}],"curies":[{"name":"wp","href":"https:\/\/api.w.org\/{rel}","templated":true}]}}